{"id":429,"date":"2019-05-06T01:33:15","date_gmt":"2019-05-05T23:33:15","guid":{"rendered":"http:\/\/www.rapos.martinhoracek.cz\/?page_id=429"},"modified":"2019-08-15T14:15:50","modified_gmt":"2019-08-15T12:15:50","slug":"historicke-objekty-2","status":"publish","type":"page","link":"https:\/\/rapos.cz\/en\/reference-rapos\/historicke-objekty-2\/","title":{"rendered":"Historical buildings"},"content":{"rendered":" <div class=\"col page-sub-menu foogallery-album\"><nav class=\"nav nav-pills nav-fill\">\n  <li id=\"menu-item-343\" class=\"menu-item menu-item-type-post_type menu-item-object-page first menu-item-343\"><a href=\"https:\/\/rapos.cz\/en\/reference-rapos\/\">Public amenities<\/a><\/li>\n<li id=\"menu-item-414\" class=\"menu-item menu-item-type-post_type menu-item-object-page menu-item-414\"><a href=\"https:\/\/rapos.cz\/en\/reference-rapos\/komerecni-prostory\/\">Commercial areas<\/a><\/li>\n<li id=\"menu-item-424\" class=\"menu-item menu-item-type-post_type menu-item-object-page menu-item-424\"><a href=\"https:\/\/rapos.cz\/en\/reference-rapos\/prumyslove-stavby\/\">Industrial buildings<\/a><\/li>\n<li id=\"menu-item-431\" class=\"menu-item menu-item-type-post_type menu-item-object-page last menu-item-431\"><a href=\"https:\/\/rapos.cz\/en\/reference-rapos\/historicke-objekty-2\/\">Historical buildings<\/a><\/li>\n<\/nav>  <\/div>\n<style type=\"text\/css\">.foogallery-album-gallery-list .foogallery-pile h3 { background: #fff !important; }.foogallery-album-gallery-list .foogallery-pile h3 { color: #000000 !important; }<\/style><div id=\"foogallery-album-2170\" class=\"foogallery-album\" >\n\t<ul class=\"foogallery-album-gallery-list alignment-left\">\n\t\t\t\t\t\t<li>\n\t\t\t\t\t<div class=\"foogallery-pile\">\n\t\t\t\t\t\t<div class=\"foogallery-pile-inner\">\n\t\t\t\t\t\t\t<a href=\"https:\/\/rapos.cz\/en\/reference-rapos\/historicke-objekty-2\/gallery\/lorem-2-2-6-2\" target=\"_self\">\n\t\t\t\t\t\t\t\t<div class=\"image-cover\"><img fetchpriority=\"high\" decoding=\"async\"  src=\"https:\/\/rapos.cz\/wp-content\/uploads\/cache\/2019\/05\/zamek_holesov_9\/3903356092.jpg\" width=\"420\" height=\"200\" \/><\/div>\n\t\t\t\t\t\t\t\t\t\t\t\t\t\t\t\t<h3>Hole\u0161ov Chateau - exterior\t\t\t\t\t\t\t\t\t<span>7 images<\/span>\n\t\t\t\t\t\t\t\t<\/h3>\n\t\t\t\t\t\t\t<\/a>\n\t\t\t\t\t\t<\/div>\n\t\t\t\t\t<\/div>\n\t\t\t\t<\/li>\n\t\t\t\t\t\t\t\t\t<li>\n\t\t\t\t\t<div class=\"foogallery-pile\">\n\t\t\t\t\t\t<div class=\"foogallery-pile-inner\">\n\t\t\t\t\t\t\t<a href=\"https:\/\/rapos.cz\/en\/reference-rapos\/historicke-objekty-2\/gallery\/lorem-2-2-5-2-3\" target=\"_self\">\n\t\t\t\t\t\t\t\t<div class=\"image-cover\"><img decoding=\"async\"  src=\"https:\/\/rapos.cz\/wp-content\/uploads\/cache\/2019\/07\/DSC_4025\/1037348401.jpg\" width=\"420\" height=\"200\" \/><\/div>\n\t\t\t\t\t\t\t\t\t\t\t\t\t\t\t\t<h3>Hole\u0161ov Chateau - interior\t\t\t\t\t\t\t\t\t<span>11 images<\/span>\n\t\t\t\t\t\t\t\t<\/h3>\n\t\t\t\t\t\t\t<\/a>\n\t\t\t\t\t\t<\/div>\n\t\t\t\t\t<\/div>\n\t\t\t\t<\/li>\n\t\t\t\t\t\t\t\t\t<li>\n\t\t\t\t\t<div class=\"foogallery-pile\">\n\t\t\t\t\t\t<div class=\"foogallery-pile-inner\">\n\t\t\t\t\t\t\t<a href=\"https:\/\/rapos.cz\/en\/reference-rapos\/historicke-objekty-2\/gallery\/revitalizace-hospodarskeho-dvora-v-obci-rymice\" target=\"_self\">\n\t\t\t\t\t\t\t\t<div class=\"image-cover\"><img decoding=\"async\"  src=\"https:\/\/rapos.cz\/wp-content\/uploads\/cache\/2022\/02\/DJI_0067-scaled\/3201950740.jpg\" width=\"420\" height=\"200\" \/><\/div>\n\t\t\t\t\t\t\t\t\t\t\t\t\t\t\t\t<h3>Revitalization of farmyard in Rymice\t\t\t\t\t\t\t\t\t<span>14 images<\/span>\n\t\t\t\t\t\t\t\t<\/h3>\n\t\t\t\t\t\t\t<\/a>\n\t\t\t\t\t\t<\/div>\n\t\t\t\t\t<\/div>\n\t\t\t\t<\/li>\n\t\t\t\t\t\t\t\t\t<li>\n\t\t\t\t\t<div class=\"foogallery-pile\">\n\t\t\t\t\t\t<div class=\"foogallery-pile-inner\">\n\t\t\t\t\t\t\t<a href=\"https:\/\/rapos.cz\/en\/reference-rapos\/historicke-objekty-2\/gallery\/zamek-korycany\" target=\"_self\">\n\t\t\t\t\t\t\t\t<div class=\"image-cover\"><img loading=\"lazy\" decoding=\"async\"  src=\"https:\/\/rapos.cz\/wp-content\/uploads\/cache\/2023\/10\/DJI_0054-scaled\/2303893337.jpg\" width=\"420\" height=\"200\" \/><\/div>\n\t\t\t\t\t\t\t\t\t\t\t\t\t\t\t\t<h3>Chateau Kory\u010dany - the reconstruction of the ceiling, roof frame and roof sheathing\t\t\t\t\t\t\t\t\t<span>11 images<\/span>\n\t\t\t\t\t\t\t\t<\/h3>\n\t\t\t\t\t\t\t<\/a>\n\t\t\t\t\t\t<\/div>\n\t\t\t\t\t<\/div>\n\t\t\t\t<\/li>\n\t\t\t\t\t\t\t\t\t<li>\n\t\t\t\t\t<div class=\"foogallery-pile\">\n\t\t\t\t\t\t<div class=\"foogallery-pile-inner\">\n\t\t\t\t\t\t\t<a href=\"https:\/\/rapos.cz\/en\/reference-rapos\/historicke-objekty-2\/gallery\/rekonstrukce-interieru-zamku-v-prilepich\" target=\"_self\">\n\t\t\t\t\t\t\t\t<div class=\"image-cover\"><img loading=\"lazy\" decoding=\"async\"  src=\"https:\/\/rapos.cz\/wp-content\/uploads\/cache\/2024\/02\/P1025390-scaled\/2808144909.jpg\" width=\"420\" height=\"200\" \/><\/div>\n\t\t\t\t\t\t\t\t\t\t\t\t\t\t\t\t<h3>The reconstruction of interiors of the chateau in P\u0159\u00edlepy\t\t\t\t\t\t\t\t\t<span>5 images<\/span>\n\t\t\t\t\t\t\t\t<\/h3>\n\t\t\t\t\t\t\t<\/a>\n\t\t\t\t\t\t<\/div>\n\t\t\t\t\t<\/div>\n\t\t\t\t<\/li>\n\t\t\t\t\t\t\t\t\t<li>\n\t\t\t\t\t<div class=\"foogallery-pile\">\n\t\t\t\t\t\t<div class=\"foogallery-pile-inner\">\n\t\t\t\t\t\t\t<a href=\"https:\/\/rapos.cz\/en\/reference-rapos\/historicke-objekty-2\/gallery\/stavebni-upravy-formacniho-domu-v-olomouci-2\" target=\"_self\">\n\t\t\t\t\t\t\t\t<div class=\"image-cover\"><img loading=\"lazy\" decoding=\"async\"  src=\"https:\/\/rapos.cz\/wp-content\/uploads\/cache\/2019\/05\/DSC_3306\/596264516.jpg\" width=\"420\" height=\"200\" \/><\/div>\n\t\t\t\t\t\t\t\t\t\t\t\t\t\t\t\t<h3>Construction work of the Formation house in Olomouc\t\t\t\t\t\t\t\t\t<span>10 images<\/span>\n\t\t\t\t\t\t\t\t<\/h3>\n\t\t\t\t\t\t\t<\/a>\n\t\t\t\t\t\t<\/div>\n\t\t\t\t\t<\/div>\n\t\t\t\t<\/li>\n\t\t\t\t\t\t\t\t\t<li>\n\t\t\t\t\t<div class=\"foogallery-pile\">\n\t\t\t\t\t\t<div class=\"foogallery-pile-inner\">\n\t\t\t\t\t\t\t<a href=\"https:\/\/rapos.cz\/en\/reference-rapos\/historicke-objekty-2\/gallery\/lorem-2-2-5\" target=\"_self\">\n\t\t\t\t\t\t\t\t<div class=\"image-cover\"><img loading=\"lazy\" decoding=\"async\"  src=\"https:\/\/rapos.cz\/wp-content\/uploads\/cache\/2019\/07\/DSC_6208\/770943952.jpg\" width=\"420\" height=\"200\" \/><\/div>\n\t\t\t\t\t\t\t\t\t\t\t\t\t\t\t\t<h3>Fixing of underfloor heating in the basilica of St. Host\u00fdn\t\t\t\t\t\t\t\t\t<span>3 images<\/span>\n\t\t\t\t\t\t\t\t<\/h3>\n\t\t\t\t\t\t\t<\/a>\n\t\t\t\t\t\t<\/div>\n\t\t\t\t\t<\/div>\n\t\t\t\t<\/li>\n\t\t\t\t\t\t\t\t\t<li>\n\t\t\t\t\t<div class=\"foogallery-pile\">\n\t\t\t\t\t\t<div class=\"foogallery-pile-inner\">\n\t\t\t\t\t\t\t<a href=\"https:\/\/rapos.cz\/en\/reference-rapos\/historicke-objekty-2\/gallery\/lorem-2-2-2-2\" target=\"_self\">\n\t\t\t\t\t\t\t\t<div class=\"image-cover\"><img loading=\"lazy\" decoding=\"async\"  src=\"https:\/\/rapos.cz\/wp-content\/uploads\/cache\/2019\/07\/M\u00edstnost-C-po\/3196881356.jpg\" width=\"420\" height=\"200\" \/><\/div>\n\t\t\t\t\t\t\t\t\t\t\t\t\t\t\t\t<h3>Archaeological-historical exhibition of the Krom\u011b\u0159\u00ed\u017e Museum\t\t\t\t\t\t\t\t\t<span>5 images<\/span>\n\t\t\t\t\t\t\t\t<\/h3>\n\t\t\t\t\t\t\t<\/a>\n\t\t\t\t\t\t<\/div>\n\t\t\t\t\t<\/div>\n\t\t\t\t<\/li>\n\t\t\t\t\t\t\t\t\t<li>\n\t\t\t\t\t<div class=\"foogallery-pile\">\n\t\t\t\t\t\t<div class=\"foogallery-pile-inner\">\n\t\t\t\t\t\t\t<a href=\"https:\/\/rapos.cz\/en\/reference-rapos\/historicke-objekty-2\/gallery\/lorem-2-2-3\" target=\"_self\">\n\t\t\t\t\t\t\t\t<div class=\"image-cover\"><img loading=\"lazy\" decoding=\"async\"  src=\"https:\/\/rapos.cz\/wp-content\/uploads\/cache\/2019\/05\/DSC_3643\/3284680254.jpg\" width=\"420\" height=\"200\" \/><\/div>\n\t\t\t\t\t\t\t\t\t\t\t\t\t\t\t\t<h3>Reconstruction of facade of St. Martin\u00b4s Church in Tluma\u010dov\t\t\t\t\t\t\t\t\t<span>4 images<\/span>\n\t\t\t\t\t\t\t\t<\/h3>\n\t\t\t\t\t\t\t<\/a>\n\t\t\t\t\t\t<\/div>\n\t\t\t\t\t<\/div>\n\t\t\t\t<\/li>\n\t\t\t\t\t\t\t\t\t<li>\n\t\t\t\t\t<div class=\"foogallery-pile\">\n\t\t\t\t\t\t<div class=\"foogallery-pile-inner\">\n\t\t\t\t\t\t\t<a href=\"https:\/\/rapos.cz\/en\/reference-rapos\/historicke-objekty-2\/gallery\/oprava-strechy-kostela-sv-filipa-ve-zline\" target=\"_self\">\n\t\t\t\t\t\t\t\t<div class=\"image-cover\"><img loading=\"lazy\" decoding=\"async\"  src=\"https:\/\/rapos.cz\/wp-content\/uploads\/cache\/2021\/01\/kostel_staraves-2-scaled\/1314832006.jpg\" width=\"420\" height=\"200\" \/><\/div>\n\t\t\t\t\t\t\t\t\t\t\t\t\t\t\t\t<h3>Reconstruction of church\u00b4s roofs\t\t\t\t\t\t\t\t\t<span>14 images<\/span>\n\t\t\t\t\t\t\t\t<\/h3>\n\t\t\t\t\t\t\t<\/a>\n\t\t\t\t\t\t<\/div>\n\t\t\t\t\t<\/div>\n\t\t\t\t<\/li>\n\t\t\t\t\t\t\t\t\t<li>\n\t\t\t\t\t<div class=\"foogallery-pile\">\n\t\t\t\t\t\t<div class=\"foogallery-pile-inner\">\n\t\t\t\t\t\t\t<a href=\"https:\/\/rapos.cz\/en\/reference-rapos\/historicke-objekty-2\/gallery\/lorem-2-2-4\" target=\"_self\">\n\t\t\t\t\t\t\t\t<div class=\"image-cover\"><img loading=\"lazy\" decoding=\"async\"  src=\"https:\/\/rapos.cz\/wp-content\/uploads\/cache\/2019\/07\/DSC_1168\/704584184.jpg\" width=\"420\" height=\"200\" \/><\/div>\n\t\t\t\t\t\t\t\t\t\t\t\t\t\t\t\t<h3>Public space in Otaslavice\t\t\t\t\t\t\t\t\t<span>4 images<\/span>\n\t\t\t\t\t\t\t\t<\/h3>\n\t\t\t\t\t\t\t<\/a>\n\t\t\t\t\t\t<\/div>\n\t\t\t\t\t<\/div>\n\t\t\t\t<\/li>\n\t\t\t\t\t\t\t\t\t<li>\n\t\t\t\t\t<div class=\"foogallery-pile\">\n\t\t\t\t\t\t<div class=\"foogallery-pile-inner\">\n\t\t\t\t\t\t\t<a href=\"https:\/\/rapos.cz\/en\/reference-rapos\/historicke-objekty-2\/gallery\/oprava-objektu-zamecku-v-zeranovicich-2\" target=\"_self\">\n\t\t\t\t\t\t\t\t<div class=\"image-cover\"><img loading=\"lazy\" decoding=\"async\"  src=\"https:\/\/rapos.cz\/wp-content\/uploads\/cache\/2019\/07\/\u017eeranovice\/1880549054.jpg\" width=\"420\" height=\"200\" \/><\/div>\n\t\t\t\t\t\t\t\t\t\t\t\t\t\t\t\t<h3>Construction work at the \u017deranovice Chateau\t\t\t\t\t\t\t\t\t<span>3 images<\/span>\n\t\t\t\t\t\t\t\t<\/h3>\n\t\t\t\t\t\t\t<\/a>\n\t\t\t\t\t\t<\/div>\n\t\t\t\t\t<\/div>\n\t\t\t\t<\/li>\n\t\t\t\t\t\t\t\t\t<li>\n\t\t\t\t\t<div class=\"foogallery-pile\">\n\t\t\t\t\t\t<div class=\"foogallery-pile-inner\">\n\t\t\t\t\t\t\t<a href=\"https:\/\/rapos.cz\/en\/reference-rapos\/historicke-objekty-2\/gallery\/restaurovani-xi-zastaveni-jurkovicovy-krizove-cesty-na-sv-hostyne\" target=\"_self\">\n\t\t\t\t\t\t\t\t<div class=\"image-cover\"><img loading=\"lazy\" decoding=\"async\"  src=\"https:\/\/rapos.cz\/wp-content\/uploads\/cache\/2019\/12\/hostyn\/3251817214.jpg\" width=\"420\" height=\"200\" \/><\/div>\n\t\t\t\t\t\t\t\t\t\t\t\t\t\t\t\t<h3>Restoration of the Jurkovi\u010d's Way of the Cross on St. Host\u00fdn\t\t\t\t\t\t\t\t\t<span>4 images<\/span>\n\t\t\t\t\t\t\t\t<\/h3>\n\t\t\t\t\t\t\t<\/a>\n\t\t\t\t\t\t<\/div>\n\t\t\t\t\t<\/div>\n\t\t\t\t<\/li>\n\t\t\t\t\t\t\t\t\t<li>\n\t\t\t\t\t<div class=\"foogallery-pile\">\n\t\t\t\t\t\t<div class=\"foogallery-pile-inner\">\n\t\t\t\t\t\t\t<a href=\"https:\/\/rapos.cz\/en\/reference-rapos\/historicke-objekty-2\/gallery\/reconstruction-of-the-roof-rafter-and-roof-covering-at-the-chateau-in-prilepy\" target=\"_self\">\n\t\t\t\t\t\t\t\t<div class=\"image-cover\"><img loading=\"lazy\" decoding=\"async\"  src=\"https:\/\/rapos.cz\/wp-content\/uploads\/cache\/2020\/10\/foto-6\/3647103490.png\" width=\"420\" height=\"200\" \/><\/div>\n\t\t\t\t\t\t\t\t\t\t\t\t\t\t\t\t<h3>Reconstruction of the roof, rafter and roof covering at the chateau in P\u0159\u00edlepy\t\t\t\t\t\t\t\t\t<span>7 images<\/span>\n\t\t\t\t\t\t\t\t<\/h3>\n\t\t\t\t\t\t\t<\/a>\n\t\t\t\t\t\t<\/div>\n\t\t\t\t\t<\/div>\n\t\t\t\t<\/li>\n\t\t\t\t\t\t\t\t\t<li>\n\t\t\t\t\t<div class=\"foogallery-pile\">\n\t\t\t\t\t\t<div class=\"foogallery-pile-inner\">\n\t\t\t\t\t\t\t<a href=\"https:\/\/rapos.cz\/en\/reference-rapos\/historicke-objekty-2\/gallery\/reconstruction-of-school-facade\" target=\"_self\">\n\t\t\t\t\t\t\t\t<div class=\"image-cover\"><img loading=\"lazy\" decoding=\"async\"  src=\"https:\/\/rapos.cz\/wp-content\/uploads\/cache\/2020\/09\/1-zs-3\/3927331442.png\" width=\"420\" height=\"200\" \/><\/div>\n\t\t\t\t\t\t\t\t\t\t\t\t\t\t\t\t<h3>Reconstruction of school facade\t\t\t\t\t\t\t\t\t<span>7 images<\/span>\n\t\t\t\t\t\t\t\t<\/h3>\n\t\t\t\t\t\t\t<\/a>\n\t\t\t\t\t\t<\/div>\n\t\t\t\t\t<\/div>\n\t\t\t\t<\/li>\n\t\t\t\t\t\t\t\t\t<li>\n\t\t\t\t\t<div class=\"foogallery-pile\">\n\t\t\t\t\t\t<div class=\"foogallery-pile-inner\">\n\t\t\t\t\t\t\t<a href=\"https:\/\/rapos.cz\/en\/reference-rapos\/historicke-objekty-2\/gallery\/pasirske-prace-na-kostele-sv-alzbety-ve-vezkach\" target=\"_self\">\n\t\t\t\t\t\t\t\t<div class=\"image-cover\"><img loading=\"lazy\" decoding=\"async\"  src=\"https:\/\/rapos.cz\/wp-content\/uploads\/cache\/2023\/01\/DJI_0062_HDR-scaled\/2060009956.jpg\" width=\"420\" height=\"200\" \/><\/div>\n\t\t\t\t\t\t\t\t\t\t\t\t\t\t\t\t<h3>The metalwork of the church\u00b4s cupola of St. Elizabeth in V\u011b\u017eky\t\t\t\t\t\t\t\t\t<span>4 images<\/span>\n\t\t\t\t\t\t\t\t<\/h3>\n\t\t\t\t\t\t\t<\/a>\n\t\t\t\t\t\t<\/div>\n\t\t\t\t\t<\/div>\n\t\t\t\t<\/li>\n\t\t\t\t\t\t<\/ul>\n\t<div style=\"clear: both;\"><\/div>\n<\/div>\n\n","protected":false},"excerpt":{"rendered":"","protected":false},"author":1,"featured_media":0,"parent":326,"menu_order":0,"comment_status":"closed","ping_status":"closed","template":"pages\/page-reference.php","meta":{"footnotes":""},"class_list":["post-429","page","type-page","status-publish","hentry"],"_links":{"self":[{"href":"https:\/\/rapos.cz\/en\/wp-json\/wp\/v2\/pages\/429","targetHints":{"allow":["GET"]}}],"collection":[{"href":"https:\/\/rapos.cz\/en\/wp-json\/wp\/v2\/pages"}],"about":[{"href":"https:\/\/rapos.cz\/en\/wp-json\/wp\/v2\/types\/page"}],"author":[{"embeddable":true,"href":"https:\/\/rapos.cz\/en\/wp-json\/wp\/v2\/users\/1"}],"replies":[{"embeddable":true,"href":"https:\/\/rapos.cz\/en\/wp-json\/wp\/v2\/comments?post=429"}],"version-history":[{"count":6,"href":"https:\/\/rapos.cz\/en\/wp-json\/wp\/v2\/pages\/429\/revisions"}],"predecessor-version":[{"id":2171,"href":"https:\/\/rapos.cz\/en\/wp-json\/wp\/v2\/pages\/429\/revisions\/2171"}],"up":[{"embeddable":true,"href":"https:\/\/rapos.cz\/en\/wp-json\/wp\/v2\/pages\/326"}],"wp:attachment":[{"href":"https:\/\/rapos.cz\/en\/wp-json\/wp\/v2\/media?parent=429"}],"curies":[{"name":"wp","href":"https:\/\/api.w.org\/{rel}","templated":true}]}}