{"id":412,"date":"2019-05-06T01:18:23","date_gmt":"2019-05-05T23:18:23","guid":{"rendered":"http:\/\/www.rapos.martinhoracek.cz\/?page_id=412"},"modified":"2019-08-15T15:23:48","modified_gmt":"2019-08-15T13:23:48","slug":"komerecni-prostory","status":"publish","type":"page","link":"https:\/\/rapos.cz\/en\/reference-rapos\/komerecni-prostory\/","title":{"rendered":"Commercial area"},"content":{"rendered":" <div class=\"col page-sub-menu foogallery-album\"><nav class=\"nav nav-pills nav-fill\">\n  <li id=\"menu-item-343\" class=\"menu-item menu-item-type-post_type menu-item-object-page first menu-item-343\"><a href=\"https:\/\/rapos.cz\/en\/reference-rapos\/\">Public amenities<\/a><\/li>\n<li id=\"menu-item-414\" class=\"menu-item menu-item-type-post_type menu-item-object-page menu-item-414\"><a href=\"https:\/\/rapos.cz\/en\/reference-rapos\/komerecni-prostory\/\">Commercial areas<\/a><\/li>\n<li id=\"menu-item-424\" class=\"menu-item menu-item-type-post_type menu-item-object-page menu-item-424\"><a href=\"https:\/\/rapos.cz\/en\/reference-rapos\/prumyslove-stavby\/\">Industrial buildings<\/a><\/li>\n<li id=\"menu-item-431\" class=\"menu-item menu-item-type-post_type menu-item-object-page last menu-item-431\"><a href=\"https:\/\/rapos.cz\/en\/reference-rapos\/historicke-objekty-2\/\">Historical buildings<\/a><\/li>\n<\/nav>  <\/div>\n<style type=\"text\/css\">.foogallery-album-gallery-list .foogallery-pile h3 { background: #fff !important; }.foogallery-album-gallery-list .foogallery-pile h3 { color: #000000 !important; }<\/style><div id=\"foogallery-album-2192\" class=\"foogallery-album\" >\n\t<ul class=\"foogallery-album-gallery-list alignment-left\">\n\t\t\t\t\t\t<li>\n\t\t\t\t\t<div class=\"foogallery-pile\">\n\t\t\t\t\t\t<div class=\"foogallery-pile-inner\">\n\t\t\t\t\t\t\t<a href=\"https:\/\/rapos.cz\/en\/reference-rapos\/komerecni-prostory\/gallery\/pristavba-lekarny-ke-stavajicimu-objektu-v-kromerizi-2\" target=\"_self\">\n\t\t\t\t\t\t\t\t<div class=\"image-cover\"><img fetchpriority=\"high\" decoding=\"async\"  src=\"https:\/\/rapos.cz\/wp-content\/uploads\/cache\/2019\/05\/DSC_9578\/984694595.jpg\" width=\"420\" height=\"200\" \/><\/div>\n\t\t\t\t\t\t\t\t\t\t\t\t\t\t\t\t<h3>Extension of the pharmacy in Krom\u011b\u0159\u00ed\u017e\t\t\t\t\t\t\t\t\t<span>3 images<\/span>\n\t\t\t\t\t\t\t\t<\/h3>\n\t\t\t\t\t\t\t<\/a>\n\t\t\t\t\t\t<\/div>\n\t\t\t\t\t<\/div>\n\t\t\t\t<\/li>\n\t\t\t\t\t\t\t\t\t<li>\n\t\t\t\t\t<div class=\"foogallery-pile\">\n\t\t\t\t\t\t<div class=\"foogallery-pile-inner\">\n\t\t\t\t\t\t\t<a href=\"https:\/\/rapos.cz\/en\/reference-rapos\/komerecni-prostory\/gallery\/rekonstrukce-objektu-ton-v-bystrici-pod-hostynem-2\" target=\"_self\">\n\t\t\t\t\t\t\t\t<div class=\"image-cover\"><img decoding=\"async\"  src=\"https:\/\/rapos.cz\/wp-content\/uploads\/cache\/2019\/05\/DSC_8114\/1444947363.jpg\" width=\"420\" height=\"200\" \/><\/div>\n\t\t\t\t\t\t\t\t\t\t\t\t\t\t\t\t<h3>Reconstruction of commercial building of TON company in Byst\u0159ice pod Host\u00fdnem\t\t\t\t\t\t\t\t\t<span>7 images<\/span>\n\t\t\t\t\t\t\t\t<\/h3>\n\t\t\t\t\t\t\t<\/a>\n\t\t\t\t\t\t<\/div>\n\t\t\t\t\t<\/div>\n\t\t\t\t<\/li>\n\t\t\t\t\t\t\t\t\t<li>\n\t\t\t\t\t<div class=\"foogallery-pile\">\n\t\t\t\t\t\t<div class=\"foogallery-pile-inner\">\n\t\t\t\t\t\t\t<a href=\"https:\/\/rapos.cz\/en\/reference-rapos\/komerecni-prostory\/gallery\/stavebni-upravy-nastavba-a-pristavba-v-otrokovicich\" target=\"_self\">\n\t\t\t\t\t\t\t\t<div class=\"image-cover\"><img decoding=\"async\"  src=\"https:\/\/rapos.cz\/wp-content\/uploads\/cache\/2019\/07\/DSC_0037\/1295065089.jpg\" width=\"420\" height=\"200\" \/><\/div>\n\t\t\t\t\t\t\t\t\t\t\t\t\t\t\t\t<h3>Construction work and extension of multifunctional building in Otrokovice\t\t\t\t\t\t\t\t\t<span>8 images<\/span>\n\t\t\t\t\t\t\t\t<\/h3>\n\t\t\t\t\t\t\t<\/a>\n\t\t\t\t\t\t<\/div>\n\t\t\t\t\t<\/div>\n\t\t\t\t<\/li>\n\t\t\t\t\t\t\t\t\t<li>\n\t\t\t\t\t<div class=\"foogallery-pile\">\n\t\t\t\t\t\t<div class=\"foogallery-pile-inner\">\n\t\t\t\t\t\t\t<a href=\"https:\/\/rapos.cz\/en\/reference-rapos\/komerecni-prostory\/gallery\/rekonstrukce-obchodniho-mista-ton-v-berline-2\" target=\"_self\">\n\t\t\t\t\t\t\t\t<div class=\"image-cover\"><img loading=\"lazy\" decoding=\"async\"  src=\"https:\/\/rapos.cz\/wp-content\/uploads\/cache\/2019\/07\/TON5\/2143763145.jpg\" width=\"420\" height=\"200\" \/><\/div>\n\t\t\t\t\t\t\t\t\t\t\t\t\t\t\t\t<h3>Reconstruction of the TON commercial points in Berlin and Munich\t\t\t\t\t\t\t\t\t<span>9 images<\/span>\n\t\t\t\t\t\t\t\t<\/h3>\n\t\t\t\t\t\t\t<\/a>\n\t\t\t\t\t\t<\/div>\n\t\t\t\t\t<\/div>\n\t\t\t\t<\/li>\n\t\t\t\t\t\t\t\t\t<li>\n\t\t\t\t\t<div class=\"foogallery-pile\">\n\t\t\t\t\t\t<div class=\"foogallery-pile-inner\">\n\t\t\t\t\t\t\t<a href=\"https:\/\/rapos.cz\/en\/reference-rapos\/komerecni-prostory\/gallery\/lorem-2-2-5-2-2-2-2-2-3\" target=\"_self\">\n\t\t\t\t\t\t\t\t<div class=\"image-cover\"><img loading=\"lazy\" decoding=\"async\"  src=\"https:\/\/rapos.cz\/wp-content\/uploads\/cache\/2019\/07\/IMG_6149-upr\/1601248630.jpg\" width=\"420\" height=\"200\" \/><\/div>\n\t\t\t\t\t\t\t\t\t\t\t\t\t\t\t\t<h3>Construction of the AMENITY wellness in Zl\u00edn\t\t\t\t\t\t\t\t\t<span>8 images<\/span>\n\t\t\t\t\t\t\t\t<\/h3>\n\t\t\t\t\t\t\t<\/a>\n\t\t\t\t\t\t<\/div>\n\t\t\t\t\t<\/div>\n\t\t\t\t<\/li>\n\t\t\t\t\t\t\t\t\t<li>\n\t\t\t\t\t<div class=\"foogallery-pile\">\n\t\t\t\t\t\t<div class=\"foogallery-pile-inner\">\n\t\t\t\t\t\t\t<a href=\"https:\/\/rapos.cz\/en\/reference-rapos\/komerecni-prostory\/gallery\/lorem-2-2-5-2-2-2-2-2-2-2\" target=\"_self\">\n\t\t\t\t\t\t\t\t<div class=\"image-cover\"><img loading=\"lazy\" decoding=\"async\"  src=\"https:\/\/rapos.cz\/wp-content\/uploads\/cache\/2019\/07\/DSC_7891\/1905285467.jpg\" width=\"420\" height=\"200\" \/><\/div>\n\t\t\t\t\t\t\t\t\t\t\t\t\t\t\t\t<h3>Reconstruction of the training center in Za\u0161ov\u00e1\t\t\t\t\t\t\t\t\t<span>4 images<\/span>\n\t\t\t\t\t\t\t\t<\/h3>\n\t\t\t\t\t\t\t<\/a>\n\t\t\t\t\t\t<\/div>\n\t\t\t\t\t<\/div>\n\t\t\t\t<\/li>\n\t\t\t\t\t\t\t\t\t<li>\n\t\t\t\t\t<div class=\"foogallery-pile\">\n\t\t\t\t\t\t<div class=\"foogallery-pile-inner\">\n\t\t\t\t\t\t\t<a href=\"https:\/\/rapos.cz\/en\/reference-rapos\/komerecni-prostory\/gallery\/rekonstrukce-obchodniho-mista-na-karlove-namesti-v-praze-2\" target=\"_self\">\n\t\t\t\t\t\t\t\t<div class=\"image-cover\"><img loading=\"lazy\" decoding=\"async\"  src=\"https:\/\/rapos.cz\/wp-content\/uploads\/cache\/2019\/07\/TON3-1\/1719054788.jpg\" width=\"420\" height=\"200\" \/><\/div>\n\t\t\t\t\t\t\t\t\t\t\t\t\t\t\t\t<h3>Reconstruction of the TON commercial center on Charles Square in Prague\t\t\t\t\t\t\t\t\t<span>3 images<\/span>\n\t\t\t\t\t\t\t\t<\/h3>\n\t\t\t\t\t\t\t<\/a>\n\t\t\t\t\t\t<\/div>\n\t\t\t\t\t<\/div>\n\t\t\t\t<\/li>\n\t\t\t\t\t\t\t\t\t<li>\n\t\t\t\t\t<div class=\"foogallery-pile\">\n\t\t\t\t\t\t<div class=\"foogallery-pile-inner\">\n\t\t\t\t\t\t\t<a href=\"https:\/\/rapos.cz\/en\/reference-rapos\/komerecni-prostory\/gallery\/vystavba-administrativni-budovy\" target=\"_self\">\n\t\t\t\t\t\t\t\t<div class=\"image-cover\"><img loading=\"lazy\" decoding=\"async\"  src=\"https:\/\/rapos.cz\/wp-content\/uploads\/cache\/2019\/08\/IMG_3358\/1658429719.jpg\" width=\"420\" height=\"200\" \/><\/div>\n\t\t\t\t\t\t\t\t\t\t\t\t\t\t\t\t<h3>Construction of the office building\t\t\t\t\t\t\t\t\t<span>8 images<\/span>\n\t\t\t\t\t\t\t\t<\/h3>\n\t\t\t\t\t\t\t<\/a>\n\t\t\t\t\t\t<\/div>\n\t\t\t\t\t<\/div>\n\t\t\t\t<\/li>\n\t\t\t\t\t\t<\/ul>\n\t<div style=\"clear: both;\"><\/div>\n<\/div>\n\n","protected":false},"excerpt":{"rendered":"","protected":false},"author":1,"featured_media":0,"parent":326,"menu_order":0,"comment_status":"closed","ping_status":"closed","template":"pages\/page-reference.php","meta":{"footnotes":""},"class_list":["post-412","page","type-page","status-publish","hentry"],"_links":{"self":[{"href":"https:\/\/rapos.cz\/en\/wp-json\/wp\/v2\/pages\/412","targetHints":{"allow":["GET"]}}],"collection":[{"href":"https:\/\/rapos.cz\/en\/wp-json\/wp\/v2\/pages"}],"about":[{"href":"https:\/\/rapos.cz\/en\/wp-json\/wp\/v2\/types\/page"}],"author":[{"embeddable":true,"href":"https:\/\/rapos.cz\/en\/wp-json\/wp\/v2\/users\/1"}],"replies":[{"embeddable":true,"href":"https:\/\/rapos.cz\/en\/wp-json\/wp\/v2\/comments?post=412"}],"version-history":[{"count":13,"href":"https:\/\/rapos.cz\/en\/wp-json\/wp\/v2\/pages\/412\/revisions"}],"predecessor-version":[{"id":2193,"href":"https:\/\/rapos.cz\/en\/wp-json\/wp\/v2\/pages\/412\/revisions\/2193"}],"up":[{"embeddable":true,"href":"https:\/\/rapos.cz\/en\/wp-json\/wp\/v2\/pages\/326"}],"wp:attachment":[{"href":"https:\/\/rapos.cz\/en\/wp-json\/wp\/v2\/media?parent=412"}],"curies":[{"name":"wp","href":"https:\/\/api.w.org\/{rel}","templated":true}]}}