{"id":429,"date":"2019-05-06T01:33:15","date_gmt":"2019-05-05T23:33:15","guid":{"rendered":"http:\/\/www.rapos.martinhoracek.cz\/?page_id=429"},"modified":"2019-08-15T14:15:50","modified_gmt":"2019-08-15T12:15:50","slug":"historicke-objekty-2","status":"publish","type":"page","link":"https:\/\/rapos.cz\/de\/reference-rapos\/historicke-objekty-2\/","title":{"rendered":"Historick\u00e9 budovy"},"content":{"rendered":" <div class=\"col page-sub-menu foogallery-album\"><nav class=\"nav nav-pills nav-fill\">\n  <li id=\"menu-item-343\" class=\"menu-item menu-item-type-post_type menu-item-object-page first menu-item-343\"><a href=\"https:\/\/rapos.cz\/de\/reference-rapos\/\">Reference<\/a><\/li>\n<li id=\"menu-item-414\" class=\"menu-item menu-item-type-post_type menu-item-object-page menu-item-414\"><a href=\"https:\/\/rapos.cz\/de\/reference-rapos\/komerecni-prostory\/\">Komer\u010dn\u00ed prostory<\/a><\/li>\n<li id=\"menu-item-424\" class=\"menu-item menu-item-type-post_type menu-item-object-page menu-item-424\"><a href=\"https:\/\/rapos.cz\/de\/reference-rapos\/prumyslove-stavby\/\">Pr\u016fmyslov\u00ed stavby<\/a><\/li>\n<li id=\"menu-item-431\" class=\"menu-item menu-item-type-post_type menu-item-object-page last menu-item-431\"><a href=\"https:\/\/rapos.cz\/de\/reference-rapos\/historicke-objekty-2\/\">Historick\u00e9 budovy<\/a><\/li>\n<\/nav>  <\/div>\n<style type=\"text\/css\">.foogallery-album-gallery-list .foogallery-pile h3 { background: #fff !important; }.foogallery-album-gallery-list .foogallery-pile h3 { color: #000000 !important; }<\/style><div id=\"foogallery-album-425\" class=\"foogallery-album\" >\n\t<ul class=\"foogallery-album-gallery-list alignment-left\">\n\t\t\t\t\t\t<li>\n\t\t\t\t\t<div class=\"foogallery-pile\">\n\t\t\t\t\t\t<div class=\"foogallery-pile-inner\">\n\t\t\t\t\t\t\t<a href=\"https:\/\/rapos.cz\/de\/reference-rapos\/historicke-objekty-2\/gallery\/lorem-2-2-6\" target=\"_self\">\n\t\t\t\t\t\t\t\t<div class=\"image-cover\"><img fetchpriority=\"high\" decoding=\"async\"  src=\"https:\/\/rapos.cz\/wp-content\/uploads\/cache\/2019\/05\/zamek_holesov_9\/3599073687.jpg\" width=\"420\" height=\"200\" \/><\/div>\n\t\t\t\t\t\t\t\t\t\t\t\t\t\t\t\t<h3>Z\u00e1mek Hole\u0161ov - exteri\u00e9r\t\t\t\t\t\t\t\t\t<span>7 images<\/span>\n\t\t\t\t\t\t\t\t<\/h3>\n\t\t\t\t\t\t\t<\/a>\n\t\t\t\t\t\t<\/div>\n\t\t\t\t\t<\/div>\n\t\t\t\t<\/li>\n\t\t\t\t\t\t\t\t\t<li>\n\t\t\t\t\t<div class=\"foogallery-pile\">\n\t\t\t\t\t\t<div class=\"foogallery-pile-inner\">\n\t\t\t\t\t\t\t<a href=\"https:\/\/rapos.cz\/de\/reference-rapos\/historicke-objekty-2\/gallery\/lorem-2-2-5-2\" target=\"_self\">\n\t\t\t\t\t\t\t\t<div class=\"image-cover\"><img decoding=\"async\"  src=\"https:\/\/rapos.cz\/wp-content\/uploads\/cache\/2019\/07\/DSC_4025\/3577808613.jpg\" width=\"420\" height=\"200\" \/><\/div>\n\t\t\t\t\t\t\t\t\t\t\t\t\t\t\t\t<h3>Z\u00e1mek Hole\u0161ov - interi\u00e9r\t\t\t\t\t\t\t\t\t<span>11 images<\/span>\n\t\t\t\t\t\t\t\t<\/h3>\n\t\t\t\t\t\t\t<\/a>\n\t\t\t\t\t\t<\/div>\n\t\t\t\t\t<\/div>\n\t\t\t\t<\/li>\n\t\t\t\t\t\t\t\t\t<li>\n\t\t\t\t\t<div class=\"foogallery-pile\">\n\t\t\t\t\t\t<div class=\"foogallery-pile-inner\">\n\t\t\t\t\t\t\t<a href=\"https:\/\/rapos.cz\/de\/reference-rapos\/historicke-objekty-2\/gallery\/revitalizace-hospodarskeho-dvora-v-obci-rymice\" target=\"_self\">\n\t\t\t\t\t\t\t\t<div class=\"image-cover\"><img decoding=\"async\"  src=\"https:\/\/rapos.cz\/wp-content\/uploads\/cache\/2022\/02\/DJI_0067-scaled\/3201950740.jpg\" width=\"420\" height=\"200\" \/><\/div>\n\t\t\t\t\t\t\t\t\t\t\t\t\t\t\t\t<h3>Revitalizace hospod\u00e1\u0159sk\u00e9ho dvora v obci Rymice\t\t\t\t\t\t\t\t\t<span>14 images<\/span>\n\t\t\t\t\t\t\t\t<\/h3>\n\t\t\t\t\t\t\t<\/a>\n\t\t\t\t\t\t<\/div>\n\t\t\t\t\t<\/div>\n\t\t\t\t<\/li>\n\t\t\t\t\t\t\t\t\t<li>\n\t\t\t\t\t<div class=\"foogallery-pile\">\n\t\t\t\t\t\t<div class=\"foogallery-pile-inner\">\n\t\t\t\t\t\t\t<a href=\"https:\/\/rapos.cz\/de\/reference-rapos\/historicke-objekty-2\/gallery\/zamek-korycany-2\" target=\"_self\">\n\t\t\t\t\t\t\t\t<div class=\"image-cover\"><img loading=\"lazy\" decoding=\"async\"  src=\"https:\/\/rapos.cz\/wp-content\/uploads\/cache\/2023\/10\/DJI_0054-scaled\/430164265.jpg\" width=\"420\" height=\"200\" \/><\/div>\n\t\t\t\t\t\t\t\t\t\t\t\t\t\t\t\t<h3>Z\u00e1mek Kory\u010dany - rekonstrukce stropu, krovu a st\u0159e\u0161n\u00edho pl\u00e1\u0161t\u011b\t\t\t\t\t\t\t\t\t<span>11 images<\/span>\n\t\t\t\t\t\t\t\t<\/h3>\n\t\t\t\t\t\t\t<\/a>\n\t\t\t\t\t\t<\/div>\n\t\t\t\t\t<\/div>\n\t\t\t\t<\/li>\n\t\t\t\t\t\t\t\t\t<li>\n\t\t\t\t\t<div class=\"foogallery-pile\">\n\t\t\t\t\t\t<div class=\"foogallery-pile-inner\">\n\t\t\t\t\t\t\t<a href=\"https:\/\/rapos.cz\/de\/reference-rapos\/historicke-objekty-2\/gallery\/rekonstrukce-interieru-zamku-v-prilepich\" target=\"_self\">\n\t\t\t\t\t\t\t\t<div class=\"image-cover\"><img loading=\"lazy\" decoding=\"async\"  src=\"https:\/\/rapos.cz\/wp-content\/uploads\/cache\/2024\/02\/P1025390-scaled\/2808144909.jpg\" width=\"420\" height=\"200\" \/><\/div>\n\t\t\t\t\t\t\t\t\t\t\t\t\t\t\t\t<h3>Rekonstrukce interi\u00e9r\u016f z\u00e1mku v P\u0159\u00edlep\u00edch\t\t\t\t\t\t\t\t\t<span>5 images<\/span>\n\t\t\t\t\t\t\t\t<\/h3>\n\t\t\t\t\t\t\t<\/a>\n\t\t\t\t\t\t<\/div>\n\t\t\t\t\t<\/div>\n\t\t\t\t<\/li>\n\t\t\t\t\t\t\t\t\t<li>\n\t\t\t\t\t<div class=\"foogallery-pile\">\n\t\t\t\t\t\t<div class=\"foogallery-pile-inner\">\n\t\t\t\t\t\t\t<a href=\"https:\/\/rapos.cz\/de\/reference-rapos\/historicke-objekty-2\/gallery\/stavebni-upravy-formacniho-domu-v-olomouci\" target=\"_self\">\n\t\t\t\t\t\t\t\t<div class=\"image-cover\"><img loading=\"lazy\" decoding=\"async\"  src=\"https:\/\/rapos.cz\/wp-content\/uploads\/cache\/2019\/05\/DSC_3306\/1737331911.jpg\" width=\"420\" height=\"200\" \/><\/div>\n\t\t\t\t\t\t\t\t\t\t\t\t\t\t\t\t<h3>Stavebn\u00ed \u00fapravy Forma\u010dn\u00edho domu v Olomouci\t\t\t\t\t\t\t\t\t<span>10 images<\/span>\n\t\t\t\t\t\t\t\t<\/h3>\n\t\t\t\t\t\t\t<\/a>\n\t\t\t\t\t\t<\/div>\n\t\t\t\t\t<\/div>\n\t\t\t\t<\/li>\n\t\t\t\t\t\t\t\t\t<li>\n\t\t\t\t\t<div class=\"foogallery-pile\">\n\t\t\t\t\t\t<div class=\"foogallery-pile-inner\">\n\t\t\t\t\t\t\t<a href=\"https:\/\/rapos.cz\/de\/reference-rapos\/historicke-objekty-2\/gallery\/lorem-2-2-5-3\" target=\"_self\">\n\t\t\t\t\t\t\t\t<div class=\"image-cover\"><img loading=\"lazy\" decoding=\"async\"  src=\"https:\/\/rapos.cz\/wp-content\/uploads\/cache\/2019\/07\/DSC_6208\/3404095075.jpg\" width=\"420\" height=\"200\" \/><\/div>\n\t\t\t\t\t\t\t\t\t\t\t\t\t\t\t\t<h3>Z\u0159\u00edzen\u00ed podlahov\u00e9ho vyt\u00e1p\u011bn\u00ed v bazilice na Svat\u00e9m Host\u00fdn\u011b\t\t\t\t\t\t\t\t\t<span>3 images<\/span>\n\t\t\t\t\t\t\t\t<\/h3>\n\t\t\t\t\t\t\t<\/a>\n\t\t\t\t\t\t<\/div>\n\t\t\t\t\t<\/div>\n\t\t\t\t<\/li>\n\t\t\t\t\t\t\t\t\t<li>\n\t\t\t\t\t<div class=\"foogallery-pile\">\n\t\t\t\t\t\t<div class=\"foogallery-pile-inner\">\n\t\t\t\t\t\t\t<a href=\"https:\/\/rapos.cz\/de\/reference-rapos\/historicke-objekty-2\/gallery\/lorem-2-2-2\" target=\"_self\">\n\t\t\t\t\t\t\t\t<div class=\"image-cover\"><img loading=\"lazy\" decoding=\"async\"  src=\"https:\/\/rapos.cz\/wp-content\/uploads\/cache\/2019\/07\/M\u00edstnost-C-po\/3914982632.jpg\" width=\"420\" height=\"200\" \/><\/div>\n\t\t\t\t\t\t\t\t\t\t\t\t\t\t\t\t<h3>Archeologicko-historick\u00e1 expozice v Muzeu Krom\u011b\u0159\u00ed\u017eska\t\t\t\t\t\t\t\t\t<span>5 images<\/span>\n\t\t\t\t\t\t\t\t<\/h3>\n\t\t\t\t\t\t\t<\/a>\n\t\t\t\t\t\t<\/div>\n\t\t\t\t\t<\/div>\n\t\t\t\t<\/li>\n\t\t\t\t\t\t\t\t\t<li>\n\t\t\t\t\t<div class=\"foogallery-pile\">\n\t\t\t\t\t\t<div class=\"foogallery-pile-inner\">\n\t\t\t\t\t\t\t<a href=\"https:\/\/rapos.cz\/de\/reference-rapos\/historicke-objekty-2\/gallery\/lorem-2-2-3-2\" target=\"_self\">\n\t\t\t\t\t\t\t\t<div class=\"image-cover\"><img loading=\"lazy\" decoding=\"async\"  src=\"https:\/\/rapos.cz\/wp-content\/uploads\/cache\/2019\/05\/DSC_3643\/2202003253.jpg\" width=\"420\" height=\"200\" \/><\/div>\n\t\t\t\t\t\t\t\t\t\t\t\t\t\t\t\t<h3>Rekonstrukce fas\u00e1dy kostela sv. Martina v Tluma\u010dov\u011b\t\t\t\t\t\t\t\t\t<span>4 images<\/span>\n\t\t\t\t\t\t\t\t<\/h3>\n\t\t\t\t\t\t\t<\/a>\n\t\t\t\t\t\t<\/div>\n\t\t\t\t\t<\/div>\n\t\t\t\t<\/li>\n\t\t\t\t\t\t\t\t\t<li>\n\t\t\t\t\t<div class=\"foogallery-pile\">\n\t\t\t\t\t\t<div class=\"foogallery-pile-inner\">\n\t\t\t\t\t\t\t<a href=\"https:\/\/rapos.cz\/de\/reference-rapos\/historicke-objekty-2\/gallery\/oprava-strechy-kostela-sv-filipa-ve-zline-3\" target=\"_self\">\n\t\t\t\t\t\t\t\t<div class=\"image-cover\"><img loading=\"lazy\" decoding=\"async\"  src=\"https:\/\/rapos.cz\/wp-content\/uploads\/cache\/2021\/01\/kostel_staraves-2-scaled\/2661201530.jpg\" width=\"420\" height=\"200\" \/><\/div>\n\t\t\t\t\t\t\t\t\t\t\t\t\t\t\t\t<h3>Opravy st\u0159ech kostel\u016f\t\t\t\t\t\t\t\t\t<span>14 images<\/span>\n\t\t\t\t\t\t\t\t<\/h3>\n\t\t\t\t\t\t\t<\/a>\n\t\t\t\t\t\t<\/div>\n\t\t\t\t\t<\/div>\n\t\t\t\t<\/li>\n\t\t\t\t\t\t\t\t\t<li>\n\t\t\t\t\t<div class=\"foogallery-pile\">\n\t\t\t\t\t\t<div class=\"foogallery-pile-inner\">\n\t\t\t\t\t\t\t<a href=\"https:\/\/rapos.cz\/de\/reference-rapos\/historicke-objekty-2\/gallery\/lorem-2-2-4-2\" target=\"_self\">\n\t\t\t\t\t\t\t\t<div class=\"image-cover\"><img loading=\"lazy\" decoding=\"async\"  src=\"https:\/\/rapos.cz\/wp-content\/uploads\/cache\/2019\/07\/DSC_1168\/354555904.jpg\" width=\"420\" height=\"200\" \/><\/div>\n\t\t\t\t\t\t\t\t\t\t\t\t\t\t\t\t<h3>Ve\u0159ejn\u00e9 prostranstv\u00ed Otaslavice\t\t\t\t\t\t\t\t\t<span>4 images<\/span>\n\t\t\t\t\t\t\t\t<\/h3>\n\t\t\t\t\t\t\t<\/a>\n\t\t\t\t\t\t<\/div>\n\t\t\t\t\t<\/div>\n\t\t\t\t<\/li>\n\t\t\t\t\t\t\t\t\t<li>\n\t\t\t\t\t<div class=\"foogallery-pile\">\n\t\t\t\t\t\t<div class=\"foogallery-pile-inner\">\n\t\t\t\t\t\t\t<a href=\"https:\/\/rapos.cz\/de\/reference-rapos\/historicke-objekty-2\/gallery\/oprava-objektu-zamecku-v-zeranovicich\" target=\"_self\">\n\t\t\t\t\t\t\t\t<div class=\"image-cover\"><img loading=\"lazy\" decoding=\"async\"  src=\"https:\/\/rapos.cz\/wp-content\/uploads\/cache\/2019\/07\/\u017eeranovice\/3703063099.jpg\" width=\"420\" height=\"200\" \/><\/div>\n\t\t\t\t\t\t\t\t\t\t\t\t\t\t\t\t<h3>Oprava objektu z\u00e1me\u010dku v \u017deranovic\u00edch\t\t\t\t\t\t\t\t\t<span>3 images<\/span>\n\t\t\t\t\t\t\t\t<\/h3>\n\t\t\t\t\t\t\t<\/a>\n\t\t\t\t\t\t<\/div>\n\t\t\t\t\t<\/div>\n\t\t\t\t<\/li>\n\t\t\t\t\t\t\t\t\t<li>\n\t\t\t\t\t<div class=\"foogallery-pile\">\n\t\t\t\t\t\t<div class=\"foogallery-pile-inner\">\n\t\t\t\t\t\t\t<a href=\"https:\/\/rapos.cz\/de\/reference-rapos\/historicke-objekty-2\/gallery\/restaurovani-xi-zastaveni-jurkovicovy-krizove-cesty-na-sv-hostyne\" target=\"_self\">\n\t\t\t\t\t\t\t\t<div class=\"image-cover\"><img loading=\"lazy\" decoding=\"async\"  src=\"https:\/\/rapos.cz\/wp-content\/uploads\/cache\/2019\/12\/hostyn\/3251817214.jpg\" width=\"420\" height=\"200\" \/><\/div>\n\t\t\t\t\t\t\t\t\t\t\t\t\t\t\t\t<h3>Restaurov\u00e1n\u00ed XI. zastaven\u00ed Jurkovi\u010dovy k\u0159\u00ed\u017eov\u00e9 cesty na Sv. Host\u00fdn\u011b\t\t\t\t\t\t\t\t\t<span>4 images<\/span>\n\t\t\t\t\t\t\t\t<\/h3>\n\t\t\t\t\t\t\t<\/a>\n\t\t\t\t\t\t<\/div>\n\t\t\t\t\t<\/div>\n\t\t\t\t<\/li>\n\t\t\t\t\t\t\t\t\t<li>\n\t\t\t\t\t<div class=\"foogallery-pile\">\n\t\t\t\t\t\t<div class=\"foogallery-pile-inner\">\n\t\t\t\t\t\t\t<a href=\"https:\/\/rapos.cz\/de\/reference-rapos\/historicke-objekty-2\/gallery\/rekonstrukce-zamku-prilepy\" target=\"_self\">\n\t\t\t\t\t\t\t\t<div class=\"image-cover\"><img loading=\"lazy\" decoding=\"async\"  src=\"https:\/\/rapos.cz\/wp-content\/uploads\/cache\/2020\/10\/foto-6\/751870743.png\" width=\"420\" height=\"200\" \/><\/div>\n\t\t\t\t\t\t\t\t\t\t\t\t\t\t\t\t<h3>Rekonstrukce st\u0159echy a krovu z\u00e1mku P\u0159\u00edlepy\t\t\t\t\t\t\t\t\t<span>7 images<\/span>\n\t\t\t\t\t\t\t\t<\/h3>\n\t\t\t\t\t\t\t<\/a>\n\t\t\t\t\t\t<\/div>\n\t\t\t\t\t<\/div>\n\t\t\t\t<\/li>\n\t\t\t\t\t\t\t\t\t<li>\n\t\t\t\t\t<div class=\"foogallery-pile\">\n\t\t\t\t\t\t<div class=\"foogallery-pile-inner\">\n\t\t\t\t\t\t\t<a href=\"https:\/\/rapos.cz\/de\/reference-rapos\/historicke-objekty-2\/gallery\/rekonstrukce-fasady-na-skole-v-holesove\" target=\"_self\">\n\t\t\t\t\t\t\t\t<div class=\"image-cover\"><img loading=\"lazy\" decoding=\"async\"  src=\"https:\/\/rapos.cz\/wp-content\/uploads\/cache\/2020\/09\/1-zs-3\/2104996312.png\" width=\"420\" height=\"200\" \/><\/div>\n\t\t\t\t\t\t\t\t\t\t\t\t\t\t\t\t<h3>Rekonstrukce fas\u00e1dy na \u0161kole v Hole\u0161ov\u011b\t\t\t\t\t\t\t\t\t<span>7 images<\/span>\n\t\t\t\t\t\t\t\t<\/h3>\n\t\t\t\t\t\t\t<\/a>\n\t\t\t\t\t\t<\/div>\n\t\t\t\t\t<\/div>\n\t\t\t\t<\/li>\n\t\t\t\t\t\t\t\t\t<li>\n\t\t\t\t\t<div class=\"foogallery-pile\">\n\t\t\t\t\t\t<div class=\"foogallery-pile-inner\">\n\t\t\t\t\t\t\t<a href=\"https:\/\/rapos.cz\/de\/reference-rapos\/historicke-objekty-2\/gallery\/pasirske-prace-na-kostele-sv-alzbety-ve-vezkach\" target=\"_self\">\n\t\t\t\t\t\t\t\t<div class=\"image-cover\"><img loading=\"lazy\" decoding=\"async\"  src=\"https:\/\/rapos.cz\/wp-content\/uploads\/cache\/2023\/01\/DJI_0062_HDR-scaled\/2060009956.jpg\" width=\"420\" height=\"200\" \/><\/div>\n\t\t\t\t\t\t\t\t\t\t\t\t\t\t\t\t<h3>Pas\u00ed\u0159sk\u00e9 pr\u00e1ce na kostele sv. Al\u017eb\u011bty ve V\u011b\u017ek\u00e1ch\t\t\t\t\t\t\t\t\t<span>4 images<\/span>\n\t\t\t\t\t\t\t\t<\/h3>\n\t\t\t\t\t\t\t<\/a>\n\t\t\t\t\t\t<\/div>\n\t\t\t\t\t<\/div>\n\t\t\t\t<\/li>\n\t\t\t\t\t\t<\/ul>\n\t<div style=\"clear: both;\"><\/div>\n<\/div>\n\n","protected":false},"excerpt":{"rendered":"","protected":false},"author":1,"featured_media":0,"parent":326,"menu_order":0,"comment_status":"closed","ping_status":"closed","template":"pages\/page-reference.php","meta":{"footnotes":""},"class_list":["post-429","page","type-page","status-publish","hentry"],"_links":{"self":[{"href":"https:\/\/rapos.cz\/de\/wp-json\/wp\/v2\/pages\/429","targetHints":{"allow":["GET"]}}],"collection":[{"href":"https:\/\/rapos.cz\/de\/wp-json\/wp\/v2\/pages"}],"about":[{"href":"https:\/\/rapos.cz\/de\/wp-json\/wp\/v2\/types\/page"}],"author":[{"embeddable":true,"href":"https:\/\/rapos.cz\/de\/wp-json\/wp\/v2\/users\/1"}],"replies":[{"embeddable":true,"href":"https:\/\/rapos.cz\/de\/wp-json\/wp\/v2\/comments?post=429"}],"version-history":[{"count":6,"href":"https:\/\/rapos.cz\/de\/wp-json\/wp\/v2\/pages\/429\/revisions"}],"predecessor-version":[{"id":2171,"href":"https:\/\/rapos.cz\/de\/wp-json\/wp\/v2\/pages\/429\/revisions\/2171"}],"up":[{"embeddable":true,"href":"https:\/\/rapos.cz\/de\/wp-json\/wp\/v2\/pages\/326"}],"wp:attachment":[{"href":"https:\/\/rapos.cz\/de\/wp-json\/wp\/v2\/media?parent=429"}],"curies":[{"name":"wp","href":"https:\/\/api.w.org\/{rel}","templated":true}]}}