{"id":412,"date":"2019-05-06T01:18:23","date_gmt":"2019-05-05T23:18:23","guid":{"rendered":"http:\/\/www.rapos.martinhoracek.cz\/?page_id=412"},"modified":"2019-08-15T15:23:48","modified_gmt":"2019-08-15T13:23:48","slug":"komerecni-prostory","status":"publish","type":"page","link":"https:\/\/rapos.cz\/de\/reference-rapos\/komerecni-prostory\/","title":{"rendered":"Komer\u010dn\u00ed prostory"},"content":{"rendered":" <div class=\"col page-sub-menu foogallery-album\"><nav class=\"nav nav-pills nav-fill\">\n  <li id=\"menu-item-343\" class=\"menu-item menu-item-type-post_type menu-item-object-page first menu-item-343\"><a href=\"https:\/\/rapos.cz\/de\/reference-rapos\/\">Reference<\/a><\/li>\n<li id=\"menu-item-414\" class=\"menu-item menu-item-type-post_type menu-item-object-page menu-item-414\"><a href=\"https:\/\/rapos.cz\/de\/reference-rapos\/komerecni-prostory\/\">Komer\u010dn\u00ed prostory<\/a><\/li>\n<li id=\"menu-item-424\" class=\"menu-item menu-item-type-post_type menu-item-object-page menu-item-424\"><a href=\"https:\/\/rapos.cz\/de\/reference-rapos\/prumyslove-stavby\/\">Pr\u016fmyslov\u00ed stavby<\/a><\/li>\n<li id=\"menu-item-431\" class=\"menu-item menu-item-type-post_type menu-item-object-page last menu-item-431\"><a href=\"https:\/\/rapos.cz\/de\/reference-rapos\/historicke-objekty-2\/\">Historick\u00e9 budovy<\/a><\/li>\n<\/nav>  <\/div>\n<style type=\"text\/css\">.foogallery-album-gallery-list .foogallery-pile h3 { background: #fff !important; }.foogallery-album-gallery-list .foogallery-pile h3 { color: #000000 !important; }<\/style><div id=\"foogallery-album-411\" class=\"foogallery-album\" >\n\t<ul class=\"foogallery-album-gallery-list alignment-left\">\n\t\t\t\t\t\t<li>\n\t\t\t\t\t<div class=\"foogallery-pile\">\n\t\t\t\t\t\t<div class=\"foogallery-pile-inner\">\n\t\t\t\t\t\t\t<a href=\"https:\/\/rapos.cz\/de\/reference-rapos\/komerecni-prostory\/gallery\/pristavba-lekarny-ke-stavajicimu-objektu-v-kromerizi\" target=\"_self\">\n\t\t\t\t\t\t\t\t<div class=\"image-cover\"><img fetchpriority=\"high\" decoding=\"async\"  src=\"https:\/\/rapos.cz\/wp-content\/uploads\/cache\/2019\/05\/DSC_9578\/691047391.jpg\" width=\"420\" height=\"200\" \/><\/div>\n\t\t\t\t\t\t\t\t\t\t\t\t\t\t\t\t<h3>P\u0159\u00edstavba l\u00e9k\u00e1rny ke st\u00e1vaj\u00edc\u00edmu objektu v Krom\u011b\u0159\u00ed\u017ei\t\t\t\t\t\t\t\t\t<span>3 images<\/span>\n\t\t\t\t\t\t\t\t<\/h3>\n\t\t\t\t\t\t\t<\/a>\n\t\t\t\t\t\t<\/div>\n\t\t\t\t\t<\/div>\n\t\t\t\t<\/li>\n\t\t\t\t\t\t\t\t\t<li>\n\t\t\t\t\t<div class=\"foogallery-pile\">\n\t\t\t\t\t\t<div class=\"foogallery-pile-inner\">\n\t\t\t\t\t\t\t<a href=\"https:\/\/rapos.cz\/de\/reference-rapos\/komerecni-prostory\/gallery\/rekonstrukce-objektu-ton-v-bystrici-pod-hostynem\" target=\"_self\">\n\t\t\t\t\t\t\t\t<div class=\"image-cover\"><img decoding=\"async\"  src=\"https:\/\/rapos.cz\/wp-content\/uploads\/cache\/2019\/05\/DSC_8114\/3217447293.jpg\" width=\"420\" height=\"200\" \/><\/div>\n\t\t\t\t\t\t\t\t\t\t\t\t\t\t\t\t<h3>Rekonstrukce objektu TON v Byst\u0159ici pod Host\u00fdnem\t\t\t\t\t\t\t\t\t<span>7 images<\/span>\n\t\t\t\t\t\t\t\t<\/h3>\n\t\t\t\t\t\t\t<\/a>\n\t\t\t\t\t\t<\/div>\n\t\t\t\t\t<\/div>\n\t\t\t\t<\/li>\n\t\t\t\t\t\t\t\t\t<li>\n\t\t\t\t\t<div class=\"foogallery-pile\">\n\t\t\t\t\t\t<div class=\"foogallery-pile-inner\">\n\t\t\t\t\t\t\t<a href=\"https:\/\/rapos.cz\/de\/reference-rapos\/komerecni-prostory\/gallery\/stavebni-upravy-nastavba-a-pristavba-v-otrokovicich-2\" target=\"_self\">\n\t\t\t\t\t\t\t\t<div class=\"image-cover\"><img decoding=\"async\"  src=\"https:\/\/rapos.cz\/wp-content\/uploads\/cache\/2019\/07\/DSC_0037\/35286681.jpg\" width=\"420\" height=\"200\" \/><\/div>\n\t\t\t\t\t\t\t\t\t\t\t\t\t\t\t\t<h3>Stavebn\u00ed \u00fapravy, n\u00e1stavba a p\u0159\u00edstavba polyfunk\u010dn\u00edho domu v Otrokovic\u00edch\t\t\t\t\t\t\t\t\t<span>8 images<\/span>\n\t\t\t\t\t\t\t\t<\/h3>\n\t\t\t\t\t\t\t<\/a>\n\t\t\t\t\t\t<\/div>\n\t\t\t\t\t<\/div>\n\t\t\t\t<\/li>\n\t\t\t\t\t\t\t\t\t<li>\n\t\t\t\t\t<div class=\"foogallery-pile\">\n\t\t\t\t\t\t<div class=\"foogallery-pile-inner\">\n\t\t\t\t\t\t\t<a href=\"https:\/\/rapos.cz\/de\/reference-rapos\/komerecni-prostory\/gallery\/rekonstrukce-obchodniho-mista-ton-v-berline\" target=\"_self\">\n\t\t\t\t\t\t\t\t<div class=\"image-cover\"><img loading=\"lazy\" decoding=\"async\"  src=\"https:\/\/rapos.cz\/wp-content\/uploads\/cache\/2019\/07\/TON5\/1890858499.jpg\" width=\"420\" height=\"200\" \/><\/div>\n\t\t\t\t\t\t\t\t\t\t\t\t\t\t\t\t<h3>Rekonstrukce obchodn\u00edch m\u00edst firmy TON v Berl\u00edn\u011b a Mnichov\u011b\t\t\t\t\t\t\t\t\t<span>9 images<\/span>\n\t\t\t\t\t\t\t\t<\/h3>\n\t\t\t\t\t\t\t<\/a>\n\t\t\t\t\t\t<\/div>\n\t\t\t\t\t<\/div>\n\t\t\t\t<\/li>\n\t\t\t\t\t\t\t\t\t<li>\n\t\t\t\t\t<div class=\"foogallery-pile\">\n\t\t\t\t\t\t<div class=\"foogallery-pile-inner\">\n\t\t\t\t\t\t\t<a href=\"https:\/\/rapos.cz\/de\/reference-rapos\/komerecni-prostory\/gallery\/lorem-2-2-5-2-2-2-2-2\" target=\"_self\">\n\t\t\t\t\t\t\t\t<div class=\"image-cover\"><img loading=\"lazy\" decoding=\"async\"  src=\"https:\/\/rapos.cz\/wp-content\/uploads\/cache\/2019\/07\/IMG_6149-upr\/1545935090.jpg\" width=\"420\" height=\"200\" \/><\/div>\n\t\t\t\t\t\t\t\t\t\t\t\t\t\t\t\t<h3>V\u00fdstavba objektu AMENITY wellness ve Zl\u00edn\u011b\t\t\t\t\t\t\t\t\t<span>8 images<\/span>\n\t\t\t\t\t\t\t\t<\/h3>\n\t\t\t\t\t\t\t<\/a>\n\t\t\t\t\t\t<\/div>\n\t\t\t\t\t<\/div>\n\t\t\t\t<\/li>\n\t\t\t\t\t\t\t\t\t<li>\n\t\t\t\t\t<div class=\"foogallery-pile\">\n\t\t\t\t\t\t<div class=\"foogallery-pile-inner\">\n\t\t\t\t\t\t\t<a href=\"https:\/\/rapos.cz\/de\/reference-rapos\/komerecni-prostory\/gallery\/lorem-2-2-5-2-2-2-2-2-2\" target=\"_self\">\n\t\t\t\t\t\t\t\t<div class=\"image-cover\"><img loading=\"lazy\" decoding=\"async\"  src=\"https:\/\/rapos.cz\/wp-content\/uploads\/cache\/2019\/07\/DSC_7891\/1112401812.jpg\" width=\"420\" height=\"200\" \/><\/div>\n\t\t\t\t\t\t\t\t\t\t\t\t\t\t\t\t<h3>Rekonstrukce a v\u00fdstavba \u0161kol\u00edc\u00edho st\u0159ediska v Za\u0161ov\u00e9\t\t\t\t\t\t\t\t\t<span>4 images<\/span>\n\t\t\t\t\t\t\t\t<\/h3>\n\t\t\t\t\t\t\t<\/a>\n\t\t\t\t\t\t<\/div>\n\t\t\t\t\t<\/div>\n\t\t\t\t<\/li>\n\t\t\t\t\t\t\t\t\t<li>\n\t\t\t\t\t<div class=\"foogallery-pile\">\n\t\t\t\t\t\t<div class=\"foogallery-pile-inner\">\n\t\t\t\t\t\t\t<a href=\"https:\/\/rapos.cz\/de\/reference-rapos\/komerecni-prostory\/gallery\/rekonstrukce-obchodniho-mista-na-karlove-namesti-v-praze\" target=\"_self\">\n\t\t\t\t\t\t\t\t<div class=\"image-cover\"><img loading=\"lazy\" decoding=\"async\"  src=\"https:\/\/rapos.cz\/wp-content\/uploads\/cache\/2019\/07\/TON3-1\/1131084135.jpg\" width=\"420\" height=\"200\" \/><\/div>\n\t\t\t\t\t\t\t\t\t\t\t\t\t\t\t\t<h3>Rekonstrukce obchodn\u00edho m\u00edsta TON na Karlov\u011b n\u00e1m\u011bst\u00ed v Praze\t\t\t\t\t\t\t\t\t<span>3 images<\/span>\n\t\t\t\t\t\t\t\t<\/h3>\n\t\t\t\t\t\t\t<\/a>\n\t\t\t\t\t\t<\/div>\n\t\t\t\t\t<\/div>\n\t\t\t\t<\/li>\n\t\t\t\t\t\t\t\t\t<li>\n\t\t\t\t\t<div class=\"foogallery-pile\">\n\t\t\t\t\t\t<div class=\"foogallery-pile-inner\">\n\t\t\t\t\t\t\t<a href=\"https:\/\/rapos.cz\/de\/reference-rapos\/komerecni-prostory\/gallery\/vystavba-administrativni-budovy-2\" target=\"_self\">\n\t\t\t\t\t\t\t\t<div class=\"image-cover\"><img loading=\"lazy\" decoding=\"async\"  src=\"https:\/\/rapos.cz\/wp-content\/uploads\/cache\/2019\/08\/IMG_3358\/1666604913.jpg\" width=\"420\" height=\"200\" \/><\/div>\n\t\t\t\t\t\t\t\t\t\t\t\t\t\t\t\t<h3>V\u00fdstavba administrativn\u00ed budovy\t\t\t\t\t\t\t\t\t<span>8 images<\/span>\n\t\t\t\t\t\t\t\t<\/h3>\n\t\t\t\t\t\t\t<\/a>\n\t\t\t\t\t\t<\/div>\n\t\t\t\t\t<\/div>\n\t\t\t\t<\/li>\n\t\t\t\t\t\t<\/ul>\n\t<div style=\"clear: both;\"><\/div>\n<\/div>\n\n","protected":false},"excerpt":{"rendered":"","protected":false},"author":1,"featured_media":0,"parent":326,"menu_order":0,"comment_status":"closed","ping_status":"closed","template":"pages\/page-reference.php","meta":{"footnotes":""},"class_list":["post-412","page","type-page","status-publish","hentry"],"_links":{"self":[{"href":"https:\/\/rapos.cz\/de\/wp-json\/wp\/v2\/pages\/412","targetHints":{"allow":["GET"]}}],"collection":[{"href":"https:\/\/rapos.cz\/de\/wp-json\/wp\/v2\/pages"}],"about":[{"href":"https:\/\/rapos.cz\/de\/wp-json\/wp\/v2\/types\/page"}],"author":[{"embeddable":true,"href":"https:\/\/rapos.cz\/de\/wp-json\/wp\/v2\/users\/1"}],"replies":[{"embeddable":true,"href":"https:\/\/rapos.cz\/de\/wp-json\/wp\/v2\/comments?post=412"}],"version-history":[{"count":13,"href":"https:\/\/rapos.cz\/de\/wp-json\/wp\/v2\/pages\/412\/revisions"}],"predecessor-version":[{"id":2193,"href":"https:\/\/rapos.cz\/de\/wp-json\/wp\/v2\/pages\/412\/revisions\/2193"}],"up":[{"embeddable":true,"href":"https:\/\/rapos.cz\/de\/wp-json\/wp\/v2\/pages\/326"}],"wp:attachment":[{"href":"https:\/\/rapos.cz\/de\/wp-json\/wp\/v2\/media?parent=412"}],"curies":[{"name":"wp","href":"https:\/\/api.w.org\/{rel}","templated":true}]}}